{"id":4216,"date":"2024-05-11T18:20:31","date_gmt":"2024-05-11T18:20:31","guid":{"rendered":"https:\/\/www.marretti.it\/scala\/compon-scala-autoportante-in-legno\/"},"modified":"2024-06-29T17:58:34","modified_gmt":"2024-06-29T17:58:34","slug":"compon-selbsttragende-holztreppe","status":"publish","type":"avada_portfolio","link":"https:\/\/www.marretti.it\/de\/treppe\/compon-selbsttragende-holztreppe\/","title":{"rendered":"COMPON selbsttragende Holztreppe"},"content":{"rendered":"<p><div class=\"fusion-fullwidth fullwidth-box fusion-builder-row-1 fusion-flex-container has-pattern-background has-mask-background nonhundred-percent-fullwidth non-hundred-percent-height-scrolling\" style=\"--awb-border-radius-top-left:0px;--awb-border-radius-top-right:0px;--awb-border-radius-bottom-right:0px;--awb-border-radius-bottom-left:0px;--awb-margin-bottom:60px;--awb-flex-wrap:wrap;\" ><div class=\"fusion-builder-row fusion-row fusion-flex-align-items-center fusion-flex-justify-content-center fusion-flex-content-wrap\" style=\"max-width:1216.8px;margin-left: calc(-4% \/ 2 );margin-right: calc(-4% \/ 2 );\"><div class=\"fusion-layout-column fusion_builder_column fusion-builder-column-0 fusion_builder_column_2_3 2_3 fusion-flex-column\" style=\"--awb-bg-size:cover;--awb-width-large:66.666666666667%;--awb-margin-top-large:0px;--awb-spacing-right-large:2.88%;--awb-margin-bottom-large:0px;--awb-spacing-left-large:2.88%;--awb-width-medium:100%;--awb-order-medium:0;--awb-spacing-right-medium:1.92%;--awb-spacing-left-medium:1.92%;--awb-width-small:100%;--awb-order-small:0;--awb-spacing-right-small:1.92%;--awb-spacing-left-small:1.92%;\"><div class=\"fusion-column-wrapper fusion-column-has-shadow fusion-flex-justify-content-flex-start fusion-content-layout-column\"><div class=\"fusion-image-element \" style=\"text-align:center;--awb-caption-title-font-family:var(--h2_typography-font-family);--awb-caption-title-font-weight:var(--h2_typography-font-weight);--awb-caption-title-font-style:var(--h2_typography-font-style);--awb-caption-title-size:var(--h2_typography-font-size);--awb-caption-title-transform:var(--h2_typography-text-transform);--awb-caption-title-line-height:var(--h2_typography-line-height);--awb-caption-title-letter-spacing:var(--h2_typography-letter-spacing);\"><span class=\" fusion-imageframe imageframe-none imageframe-1 hover-type-none fusion-animated\" data-animationType=\"fadeInLeft\" data-animationDuration=\"0.3\" data-animationOffset=\"top-into-view\"><img decoding=\"async\" width=\"1800\" height=\"1784\" title=\"scala-autoportante-gradini-luminosi-marretti\" src=\"https:\/\/www.marretti.it\/site\/wp-content\/uploads\/2024\/05\/scala-autoportante-gradini-luminosi-marretti.webp\" data-orig-src=\"https:\/\/www.marretti.it\/site\/wp-content\/uploads\/2024\/05\/scala-autoportante-gradini-luminosi-marretti.webp\" alt class=\"lazyload img-responsive wp-image-2912\" srcset=\"data:image\/svg+xml,%3Csvg%20xmlns%3D%27http%3A%2F%2Fwww.w3.org%2F2000%2Fsvg%27%20width%3D%271800%27%20height%3D%271784%27%20viewBox%3D%270%200%201800%201784%27%3E%3Crect%20width%3D%271800%27%20height%3D%271784%27%20fill-opacity%3D%220%22%2F%3E%3C%2Fsvg%3E\" data-srcset=\"https:\/\/www.marretti.it\/site\/wp-content\/uploads\/2024\/05\/scala-autoportante-gradini-luminosi-marretti-200x198.webp 200w, https:\/\/www.marretti.it\/site\/wp-content\/uploads\/2024\/05\/scala-autoportante-gradini-luminosi-marretti-400x396.webp 400w, https:\/\/www.marretti.it\/site\/wp-content\/uploads\/2024\/05\/scala-autoportante-gradini-luminosi-marretti-600x595.webp 600w, https:\/\/www.marretti.it\/site\/wp-content\/uploads\/2024\/05\/scala-autoportante-gradini-luminosi-marretti-800x793.webp 800w, https:\/\/www.marretti.it\/site\/wp-content\/uploads\/2024\/05\/scala-autoportante-gradini-luminosi-marretti-1200x1189.webp 1200w, https:\/\/www.marretti.it\/site\/wp-content\/uploads\/2024\/05\/scala-autoportante-gradini-luminosi-marretti.webp 1800w\" data-sizes=\"auto\" data-orig-sizes=\"(max-width: 1024px) 100vw, (max-width: 640px) 100vw, 800px\" \/><\/span><\/div><\/div><\/div><div class=\"fusion-layout-column fusion_builder_column fusion-builder-column-1 fusion_builder_column_1_3 1_3 fusion-flex-column\" style=\"--awb-bg-size:cover;--awb-width-large:33.333333333333%;--awb-margin-top-large:0px;--awb-spacing-right-large:5.76%;--awb-margin-bottom-large:0px;--awb-spacing-left-large:5.76%;--awb-width-medium:100%;--awb-order-medium:0;--awb-spacing-right-medium:1.92%;--awb-spacing-left-medium:1.92%;--awb-width-small:100%;--awb-order-small:0;--awb-spacing-right-small:1.92%;--awb-spacing-left-small:1.92%;\"><div class=\"fusion-column-wrapper fusion-column-has-shadow fusion-flex-justify-content-flex-start fusion-content-layout-column\"><div class=\"fusion-title title fusion-title-1 fusion-sep-none fusion-title-text fusion-title-size-two\" style=\"--awb-text-color:var(--awb-color8);--awb-margin-top-small:20px;--awb-margin-right-small:0px;--awb-margin-bottom-small:20px;--awb-margin-left-small:0px;\"><h2 class=\"fusion-title-heading title-heading-left fusion-responsive-typography-calculated\" style=\"margin:0;text-transform:none;--fontSize:60;line-height:var(--awb-typography1-line-height);\">Mit einzigartigem Design<\/h2><\/div><div class=\"fusion-text fusion-text-1\"><p>Die COMPON-Holztreppe besteht aus furnierten Holzstufen, die in verschiedenen Holzarten (Buche, Eiche, Doussi\u00e8, Wenge, Teak, Iroko) und mit mehreren Oberfl\u00e4chenbehandlungen (\u00d6l, gebleicht, Polyurethanfarben usw.) erh\u00e4ltlich sind.<\/p>\n<\/div><\/div><\/div><\/div><\/div><div class=\"fusion-fullwidth fullwidth-box fusion-builder-row-2 fusion-flex-container has-pattern-background has-mask-background nonhundred-percent-fullwidth non-hundred-percent-height-scrolling\" style=\"--awb-border-radius-top-left:0px;--awb-border-radius-top-right:0px;--awb-border-radius-bottom-right:0px;--awb-border-radius-bottom-left:0px;--awb-margin-top:60px;--awb-margin-bottom:60px;--awb-flex-wrap:wrap;\" ><div class=\"fusion-builder-row fusion-row fusion-flex-align-items-center fusion-flex-justify-content-center fusion-flex-content-wrap\" style=\"max-width:1216.8px;margin-left: calc(-4% \/ 2 );margin-right: calc(-4% \/ 2 );\"><div class=\"fusion-layout-column fusion_builder_column fusion-builder-column-2 fusion_builder_column_1_3 1_3 fusion-flex-column\" style=\"--awb-bg-size:cover;--awb-width-large:33.333333333333%;--awb-margin-top-large:0px;--awb-spacing-right-large:5.76%;--awb-margin-bottom-large:0px;--awb-spacing-left-large:5.76%;--awb-width-medium:100%;--awb-order-medium:0;--awb-spacing-right-medium:1.92%;--awb-spacing-left-medium:1.92%;--awb-width-small:100%;--awb-order-small:0;--awb-spacing-right-small:1.92%;--awb-spacing-left-small:1.92%;\"><div class=\"fusion-column-wrapper fusion-column-has-shadow fusion-flex-justify-content-flex-start fusion-content-layout-column\"><div class=\"fusion-image-element \" style=\"text-align:center;--awb-caption-title-font-family:var(--h2_typography-font-family);--awb-caption-title-font-weight:var(--h2_typography-font-weight);--awb-caption-title-font-style:var(--h2_typography-font-style);--awb-caption-title-size:var(--h2_typography-font-size);--awb-caption-title-transform:var(--h2_typography-text-transform);--awb-caption-title-line-height:var(--h2_typography-line-height);--awb-caption-title-letter-spacing:var(--h2_typography-letter-spacing);\"><span class=\" fusion-imageframe imageframe-none imageframe-2 hover-type-none fusion-animated\" data-animationType=\"fadeInRight\" data-animationDuration=\"0.3\" data-animationOffset=\"top-into-view\"><img decoding=\"async\" width=\"627\" height=\"812\" title=\"gradini-luminosi-marretti\" src=\"https:\/\/www.marretti.it\/site\/wp-content\/uploads\/2024\/05\/gradini-luminosi-marretti.webp\" data-orig-src=\"https:\/\/www.marretti.it\/site\/wp-content\/uploads\/2024\/05\/gradini-luminosi-marretti.webp\" alt class=\"lazyload img-responsive wp-image-2907\" srcset=\"data:image\/svg+xml,%3Csvg%20xmlns%3D%27http%3A%2F%2Fwww.w3.org%2F2000%2Fsvg%27%20width%3D%27627%27%20height%3D%27812%27%20viewBox%3D%270%200%20627%20812%27%3E%3Crect%20width%3D%27627%27%20height%3D%27812%27%20fill-opacity%3D%220%22%2F%3E%3C%2Fsvg%3E\" data-srcset=\"https:\/\/www.marretti.it\/site\/wp-content\/uploads\/2024\/05\/gradini-luminosi-marretti-200x259.webp 200w, https:\/\/www.marretti.it\/site\/wp-content\/uploads\/2024\/05\/gradini-luminosi-marretti-400x518.webp 400w, https:\/\/www.marretti.it\/site\/wp-content\/uploads\/2024\/05\/gradini-luminosi-marretti-600x777.webp 600w, https:\/\/www.marretti.it\/site\/wp-content\/uploads\/2024\/05\/gradini-luminosi-marretti.webp 627w\" data-sizes=\"auto\" data-orig-sizes=\"(max-width: 1024px) 100vw, (max-width: 640px) 100vw, 400px\" \/><\/span><\/div><div class=\"fusion-text fusion-text-2\" style=\"--awb-margin-top:40px;\"><p>Die Gel\u00e4nder (registriertes Modell) sind komplett aus Edelstahl ohne Schwei\u00dfen, aber mit mechanischen Haken oder mit vertikalen gebogenen S\u00e4ulen Mod. Gaud\u00ec mit 3 Messing-Edelstahl-Kupfer-Zweigen und wiederum komplett aus Strukturglas oder mit lasergeformten Edelstahlplatten. Die Metallteile sind komplett aus Edelstahl ohne Schwei\u00dfen gefertigt und werden ausschlie\u00dflich mit mechanischen Verbindungselementen zusammengebaut. Sie k\u00f6nnen eine gl\u00e4nzende oder satinierte Oberfl\u00e4che haben.<\/p>\n<\/div><\/div><\/div><div class=\"fusion-layout-column fusion_builder_column fusion-builder-column-3 fusion_builder_column_2_3 2_3 fusion-flex-column\" style=\"--awb-bg-size:cover;--awb-width-large:66.666666666667%;--awb-margin-top-large:0px;--awb-spacing-right-large:2.88%;--awb-margin-bottom-large:0px;--awb-spacing-left-large:2.88%;--awb-width-medium:100%;--awb-order-medium:0;--awb-spacing-right-medium:1.92%;--awb-spacing-left-medium:1.92%;--awb-width-small:100%;--awb-order-small:0;--awb-spacing-right-small:1.92%;--awb-spacing-left-small:1.92%;\"><div class=\"fusion-column-wrapper fusion-column-has-shadow fusion-flex-justify-content-flex-start fusion-content-layout-column\"><div class=\"fusion-image-element \" style=\"text-align:center;--awb-caption-title-font-family:var(--h2_typography-font-family);--awb-caption-title-font-weight:var(--h2_typography-font-weight);--awb-caption-title-font-style:var(--h2_typography-font-style);--awb-caption-title-size:var(--h2_typography-font-size);--awb-caption-title-transform:var(--h2_typography-text-transform);--awb-caption-title-line-height:var(--h2_typography-line-height);--awb-caption-title-letter-spacing:var(--h2_typography-letter-spacing);\"><span class=\" fusion-imageframe imageframe-none imageframe-3 hover-type-none fusion-animated\" data-animationType=\"fadeInLeft\" data-animationDuration=\"0.3\" data-animationOffset=\"top-into-view\"><img decoding=\"async\" width=\"677\" height=\"742\" title=\"compon-scala-autoportante-gradini-luminosi-marretti2\" src=\"https:\/\/www.marretti.it\/site\/wp-content\/uploads\/2024\/05\/compon-scala-autoportante-gradini-luminosi-marretti2.webp\" data-orig-src=\"https:\/\/www.marretti.it\/site\/wp-content\/uploads\/2024\/05\/compon-scala-autoportante-gradini-luminosi-marretti2.webp\" alt class=\"lazyload img-responsive wp-image-2902\" srcset=\"data:image\/svg+xml,%3Csvg%20xmlns%3D%27http%3A%2F%2Fwww.w3.org%2F2000%2Fsvg%27%20width%3D%27677%27%20height%3D%27742%27%20viewBox%3D%270%200%20677%20742%27%3E%3Crect%20width%3D%27677%27%20height%3D%27742%27%20fill-opacity%3D%220%22%2F%3E%3C%2Fsvg%3E\" data-srcset=\"https:\/\/www.marretti.it\/site\/wp-content\/uploads\/2024\/05\/compon-scala-autoportante-gradini-luminosi-marretti2-200x219.webp 200w, https:\/\/www.marretti.it\/site\/wp-content\/uploads\/2024\/05\/compon-scala-autoportante-gradini-luminosi-marretti2-400x438.webp 400w, https:\/\/www.marretti.it\/site\/wp-content\/uploads\/2024\/05\/compon-scala-autoportante-gradini-luminosi-marretti2-600x658.webp 600w, https:\/\/www.marretti.it\/site\/wp-content\/uploads\/2024\/05\/compon-scala-autoportante-gradini-luminosi-marretti2.webp 677w\" data-sizes=\"auto\" data-orig-sizes=\"(max-width: 1024px) 100vw, (max-width: 640px) 100vw, 677px\" \/><\/span><\/div><div class=\"fusion-title title fusion-title-2 fusion-sep-none fusion-title-text fusion-title-size-four\" style=\"--awb-margin-top-small:20px;--awb-margin-right-small:0px;--awb-margin-bottom-small:20px;--awb-margin-left-small:0px;\"><h4 class=\"fusion-title-heading title-heading-left fusion-responsive-typography-calculated\" style=\"margin:0;text-transform:none;--fontSize:30;line-height:var(--awb-typography1-line-height);\">Zur Verankerung der Stufen ist eine tragende Wand erforderlich. COMPON-Treppen k\u00f6nnen mit Abschluss zwischen den Stufen mit Lichtern oder mit Edelstahleins\u00e4tzen geliefert werden. COMPON-Leitern verf\u00fcgen \u00fcber ein patentiertes Wandbefestigungssystem mit Stahlstiften und sind mit einem zertifizierten Belastungstest auf eine Gesamttragf\u00e4higkeit von 150 kg pro Stufe gepr\u00fcft.<\/h4><\/div><\/div><\/div><\/div><\/div><div class=\"fusion-fullwidth fullwidth-box fusion-builder-row-3 fusion-flex-container has-pattern-background has-mask-background nonhundred-percent-fullwidth non-hundred-percent-height-scrolling\" style=\"--awb-border-radius-top-left:0px;--awb-border-radius-top-right:0px;--awb-border-radius-bottom-right:0px;--awb-border-radius-bottom-left:0px;--awb-margin-top:60px;--awb-margin-bottom:60px;--awb-flex-wrap:wrap;\" ><div class=\"fusion-builder-row fusion-row fusion-flex-align-items-flex-start fusion-flex-justify-content-center fusion-flex-content-wrap\" style=\"max-width:1216.8px;margin-left: calc(-4% \/ 2 );margin-right: calc(-4% \/ 2 );\"><div class=\"fusion-layout-column fusion_builder_column fusion-builder-column-4 fusion_builder_column_1_3 1_3 fusion-flex-column\" style=\"--awb-bg-size:cover;--awb-width-large:33.333333333333%;--awb-margin-top-large:0px;--awb-spacing-right-large:5.76%;--awb-margin-bottom-large:0px;--awb-spacing-left-large:5.76%;--awb-width-medium:50%;--awb-order-medium:0;--awb-spacing-right-medium:3.84%;--awb-spacing-left-medium:3.84%;--awb-width-small:100%;--awb-order-small:0;--awb-spacing-right-small:1.92%;--awb-spacing-left-small:1.92%;\" data-scroll-devices=\"small-visibility,medium-visibility,large-visibility\"><div class=\"fusion-column-wrapper fusion-column-has-shadow fusion-flex-justify-content-flex-start fusion-content-layout-column\"><div class=\"fusion-title title fusion-title-3 fusion-sep-none fusion-title-center fusion-title-text fusion-title-size-five\" style=\"--awb-margin-bottom:0px;--awb-margin-top-small:20px;--awb-margin-right-small:0px;--awb-margin-bottom-small:20px;--awb-margin-left-small:0px;\"><h5 class=\"fusion-title-heading title-heading-center fusion-responsive-typography-calculated\" style=\"margin:0;text-transform:none;--fontSize:20;--minFontSize:20;line-height:var(--awb-typography1-line-height);\"><p style=\"text-align: center;\">Holz<\/p><\/h5><\/div><div class=\"awb-circles-info\" style=\"--awb-max-width:350px;--awb-icon-circle-size:0px;--awb-content-circle-size:0px;--awb-icon-color:var(--awb-color7);--awb-icon-bg-color:var(--awb-color1);--awb-icon-active-color:var(--awb-color5);--awb-icon-bg-active-color:var(--awb-color1);--awb-title-font-size:25px;--awb-title-color:var(--awb-color1);--awb-content-color:var(--awb-color1);--awb-gradient-start-position:0%;--awb-gradient-end-position:100%;--awb-linear-angle:180deg;--awb-radial-direction:circle at center center;--awb-title-text-transform:none;\" data-activation-type=\"mouseover\"><div class=\"awb-circles-info-wrapper\"><div class=\"awb-circles-info-icons-wrapper\"><div class=\"awb-circles-info-tab-link\" data-id=\"1\"><span><i class=\"fa-asterisk fas\"><\/i><\/span><\/div><div class=\"awb-circles-info-tab-link\" data-id=\"2\"><span><i class=\"fa-asterisk fas\"><\/i><\/span><\/div><div class=\"awb-circles-info-tab-link\" data-id=\"3\"><span><i class=\"fa-asterisk fas\"><\/i><\/span><\/div><div class=\"awb-circles-info-tab-link\" data-id=\"4\"><span><i class=\"fa-asterisk fas\"><\/i><\/span><\/div><div class=\"awb-circles-info-tab-link\" data-id=\"5\"><span><i class=\"fa-asterisk fas\"><\/i><\/span><\/div><div class=\"awb-circles-info-tab-link\" data-id=\"6\"><span><i class=\"fa-asterisk fas\"><\/i><\/span><\/div><\/div><div class=\"awb-circles-info-content-wrapper\"><div class=\"awb-circle-info awb-circles-info-content-area awb-circle-info-1 has-bg-image bg-image-blend-mode-\" data-id=\"1\" style=\"--awb-background-image:url(&quot;https:\/\/www.marretti.it\/site\/wp-content\/uploads\/2024\/05\/legno-rovere-oak-wood.jpg&quot;);\"><div class=\"awb-circles-info-title\">Eiche<\/div><\/div><div class=\"awb-circle-info awb-circles-info-content-area awb-circle-info-2 has-bg-image bg-image-blend-mode-\" data-id=\"2\" style=\"--awb-background-image:url(&quot;https:\/\/www.marretti.it\/site\/wp-content\/uploads\/2024\/05\/legno-noce.jpg&quot;);\"><div class=\"awb-circles-info-title\">Waln\u00fcsse<\/div><\/div><div class=\"awb-circle-info awb-circles-info-content-area awb-circle-info-3 has-bg-image bg-image-blend-mode-\" data-id=\"3\" style=\"--awb-background-image:url(&quot;https:\/\/www.marretti.it\/site\/wp-content\/uploads\/2024\/05\/legno-teak-wood.jpg&quot;);\"><div class=\"awb-circles-info-title\">Teak<\/div><\/div><div class=\"awb-circle-info awb-circles-info-content-area awb-circle-info-4 has-bg-image bg-image-blend-mode-\" data-id=\"4\" style=\"--awb-background-image:url(&quot;https:\/\/www.marretti.it\/site\/wp-content\/uploads\/2024\/05\/legno-doussie.jpg&quot;);\"><div class=\"awb-circles-info-title\">Doussi\u00e8<\/div><\/div><div class=\"awb-circle-info awb-circles-info-content-area awb-circle-info-5 has-bg-image bg-image-blend-mode-\" data-id=\"5\" style=\"--awb-background-image:url(&quot;https:\/\/www.marretti.it\/site\/wp-content\/uploads\/2024\/05\/legno-iroko-wood.jpg&quot;);\"><div class=\"awb-circles-info-title\">Iroko<\/div><\/div><div class=\"awb-circle-info awb-circles-info-content-area awb-circle-info-6 has-bg-image bg-image-blend-mode-\" data-id=\"6\" style=\"--awb-background-image:url(&quot;https:\/\/www.marretti.it\/site\/wp-content\/uploads\/2024\/05\/legno-wenge-wood.jpg&quot;);\"><div class=\"awb-circles-info-title\">Weng\u00e8<\/div><\/div><\/div><\/div><\/div><\/div><\/div>\n<div class=\"fusion-layout-column fusion_builder_column fusion-builder-column-5 fusion_builder_column_1_3 1_3 fusion-flex-column\" style=\"--awb-bg-size:cover;--awb-width-large:33.333333333333%;--awb-margin-top-large:0px;--awb-spacing-right-large:5.76%;--awb-margin-bottom-large:0px;--awb-spacing-left-large:5.76%;--awb-width-medium:50%;--awb-order-medium:0;--awb-spacing-right-medium:3.84%;--awb-spacing-left-medium:3.84%;--awb-width-small:100%;--awb-order-small:0;--awb-spacing-right-small:1.92%;--awb-spacing-left-small:1.92%;\" data-scroll-devices=\"small-visibility,medium-visibility,large-visibility\"><div class=\"fusion-column-wrapper fusion-column-has-shadow fusion-flex-justify-content-flex-start fusion-content-layout-column\"><div class=\"fusion-title title fusion-title-4 fusion-sep-none fusion-title-center fusion-title-text fusion-title-size-five\" style=\"--awb-margin-bottom:0px;--awb-margin-top-small:20px;--awb-margin-right-small:0px;--awb-margin-bottom-small:20px;--awb-margin-left-small:0px;\"><h5 class=\"fusion-title-heading title-heading-center fusion-responsive-typography-calculated\" style=\"margin:0;text-transform:none;--fontSize:20;--minFontSize:20;line-height:var(--awb-typography1-line-height);\"><p style=\"text-align: center;\">Behandeltes Holz<\/p><\/h5><\/div><div class=\"awb-circles-info\" style=\"--awb-max-width:350px;--awb-icon-circle-size:0px;--awb-content-circle-size:0px;--awb-icon-color:var(--awb-color7);--awb-icon-bg-color:var(--awb-color1);--awb-icon-active-color:var(--awb-color5);--awb-icon-bg-active-color:var(--awb-color1);--awb-title-font-size:25px;--awb-title-color:var(--awb-color1);--awb-content-color:var(--awb-color1);--awb-gradient-start-position:0%;--awb-gradient-end-position:100%;--awb-linear-angle:180deg;--awb-radial-direction:circle at center center;--awb-title-text-transform:none;\" data-activation-type=\"mouseover\"><div class=\"awb-circles-info-wrapper\"><div class=\"awb-circles-info-icons-wrapper\"><div class=\"awb-circles-info-tab-link\" data-id=\"1\"><span><i class=\"fa-asterisk fas\"><\/i><\/span><\/div><div class=\"awb-circles-info-tab-link\" data-id=\"2\"><span><i class=\"fa-asterisk fas\"><\/i><\/span><\/div><div class=\"awb-circles-info-tab-link\" data-id=\"3\"><span><i class=\"fa-asterisk fas\"><\/i><\/span><\/div><div class=\"awb-circles-info-tab-link\" data-id=\"4\"><span><i class=\"fa-asterisk fas\"><\/i><\/span><\/div><div class=\"awb-circles-info-tab-link\" data-id=\"5\"><span><i class=\"fa-asterisk fas\"><\/i><\/span><\/div><\/div><div class=\"awb-circles-info-content-wrapper\"><div class=\"awb-circle-info awb-circles-info-content-area awb-circle-info-1 has-bg-image bg-image-blend-mode-\" data-id=\"1\" style=\"--awb-background-image:url(&quot;https:\/\/www.marretti.it\/site\/wp-content\/uploads\/2024\/05\/legno-foglia-oro-gold-leaf-finish.jpg&quot;);\"><div class=\"awb-circles-info-title\">Gold Blatt<\/div><\/div><div class=\"awb-circle-info awb-circles-info-content-area awb-circle-info-2 has-bg-image bg-image-blend-mode-\" data-id=\"2\" style=\"--awb-background-image:url(&quot;https:\/\/www.marretti.it\/site\/wp-content\/uploads\/2024\/05\/legno-foglia-argento-silver-leaf-finish.jpg&quot;);\"><div class=\"awb-circles-info-title\">Silbernes Blatt<\/div><\/div><div class=\"awb-circle-info awb-circles-info-content-area awb-circle-info-3 has-bg-image bg-image-blend-mode-\" data-id=\"3\" style=\"--awb-background-image:url(&quot;https:\/\/www.marretti.it\/site\/wp-content\/uploads\/2024\/05\/legno-sbiancato-bleached-wood.jpg&quot;);\"><div class=\"awb-circles-info-title\">Gebleicht<\/div><\/div><div class=\"awb-circle-info awb-circles-info-content-area awb-circle-info-4 has-bg-image bg-image-blend-mode-\" data-id=\"4\" style=\"--awb-background-image:url(&quot;https:\/\/www.marretti.it\/site\/wp-content\/uploads\/2024\/05\/legno-trattato-olio-oil-wood.jpg&quot;);\"><div class=\"awb-circles-info-title\">\u00d6l<\/div><\/div><div class=\"awb-circle-info awb-circles-info-content-area awb-circle-info-5 has-bg-image bg-image-blend-mode-\" data-id=\"5\" style=\"--awb-background-image:url(&quot;https:\/\/www.marretti.it\/site\/wp-content\/uploads\/2024\/05\/legno-verniciato-painted-wood.jpg&quot;);\"><div class=\"awb-circles-info-title\">Polyurethanfarben<\/div><\/div><\/div><\/div><\/div><\/div><\/div>\n<div class=\"fusion-layout-column fusion_builder_column fusion-builder-column-6 fusion_builder_column_1_3 1_3 fusion-flex-column\" style=\"--awb-bg-size:cover;--awb-width-large:33.333333333333%;--awb-margin-top-large:0px;--awb-spacing-right-large:5.76%;--awb-margin-bottom-large:0px;--awb-spacing-left-large:5.76%;--awb-width-medium:50%;--awb-order-medium:0;--awb-spacing-right-medium:3.84%;--awb-spacing-left-medium:3.84%;--awb-width-small:100%;--awb-order-small:0;--awb-spacing-right-small:1.92%;--awb-spacing-left-small:1.92%;\" data-scroll-devices=\"small-visibility,medium-visibility,large-visibility\"><div class=\"fusion-column-wrapper fusion-column-has-shadow fusion-flex-justify-content-flex-start fusion-content-layout-column\"><div class=\"fusion-title title fusion-title-5 fusion-sep-none fusion-title-center fusion-title-text fusion-title-size-five\" style=\"--awb-margin-bottom:0px;--awb-margin-top-small:20px;--awb-margin-right-small:0px;--awb-margin-bottom-small:20px;--awb-margin-left-small:0px;\"><h5 class=\"fusion-title-heading title-heading-center fusion-responsive-typography-calculated\" style=\"margin:0;text-transform:none;--fontSize:20;--minFontSize:20;line-height:var(--awb-typography1-line-height);\"><p style=\"text-align: center;\">Edelstahl<\/p><\/h5><\/div><div class=\"awb-circles-info\" style=\"--awb-max-width:350px;--awb-icon-circle-size:0px;--awb-content-circle-size:0px;--awb-icon-color:var(--awb-color7);--awb-icon-bg-color:var(--awb-color1);--awb-icon-active-color:var(--awb-color5);--awb-icon-bg-active-color:var(--awb-color1);--awb-title-font-size:25px;--awb-title-color:var(--awb-color1);--awb-content-color:var(--awb-color1);--awb-gradient-start-position:0%;--awb-gradient-end-position:100%;--awb-linear-angle:180deg;--awb-radial-direction:circle at center center;--awb-title-text-transform:none;\" data-activation-type=\"mouseover\"><div class=\"awb-circles-info-wrapper\"><div class=\"awb-circles-info-icons-wrapper\"><div class=\"awb-circles-info-tab-link\" data-id=\"1\"><span><i class=\"fa-asterisk fas\"><\/i><\/span><\/div><div class=\"awb-circles-info-tab-link\" data-id=\"2\"><span><i class=\"fa-asterisk fas\"><\/i><\/span><\/div><\/div><div class=\"awb-circles-info-content-wrapper\"><div class=\"awb-circle-info awb-circles-info-content-area awb-circle-info-1 has-bg-image bg-image-blend-mode-\" data-id=\"1\" style=\"--awb-background-image:url(&quot;https:\/\/www.marretti.it\/site\/wp-content\/uploads\/2024\/05\/acciaio-inox-lucido-polished-steel.webp&quot;);\"><div class=\"awb-circles-info-title\">gl\u00e4nzend<\/div><\/div><div class=\"awb-circle-info awb-circles-info-content-area awb-circle-info-2 has-bg-image bg-image-blend-mode-\" data-id=\"2\" style=\"--awb-background-image:url(&quot;https:\/\/www.marretti.it\/site\/wp-content\/uploads\/2024\/05\/acciaio-inox-satinato-satin-stainless-steels.webp&quot;);\"><div class=\"awb-circles-info-title\">satin<\/div><\/div><\/div><\/div><\/div><\/div><\/div><\/div><\/div><div class=\"fusion-fullwidth fullwidth-box fusion-builder-row-4 fusion-flex-container has-pattern-background has-mask-background nonhundred-percent-fullwidth non-hundred-percent-height-scrolling\" style=\"--awb-border-radius-top-left:0px;--awb-border-radius-top-right:0px;--awb-border-radius-bottom-right:0px;--awb-border-radius-bottom-left:0px;--awb-flex-wrap:wrap;\" ><div class=\"fusion-builder-row fusion-row fusion-flex-align-items-flex-start fusion-flex-content-wrap\" style=\"max-width:1216.8px;margin-left: calc(-4% \/ 2 );margin-right: calc(-4% \/ 2 );\"><div class=\"fusion-layout-column fusion_builder_column fusion-builder-column-7 fusion_builder_column_1_1 1_1 fusion-flex-column\" style=\"--awb-bg-size:cover;--awb-width-large:100%;--awb-margin-top-large:0px;--awb-spacing-right-large:1.92%;--awb-margin-bottom-large:0px;--awb-spacing-left-large:1.92%;--awb-width-medium:100%;--awb-order-medium:0;--awb-spacing-right-medium:1.92%;--awb-spacing-left-medium:1.92%;--awb-width-small:100%;--awb-order-small:0;--awb-spacing-right-small:1.92%;--awb-spacing-left-small:1.92%;\"><div class=\"fusion-column-wrapper fusion-column-has-shadow fusion-flex-justify-content-flex-start fusion-content-layout-column\"><div style=\"text-align:center;\"><a class=\"fusion-button button-flat fusion-button-default-size button-custom fusion-button-default button-1 fusion-button-default-span \" style=\"--awb-margin-top:50px;--awb-margin-bottom:50px;--button_accent_color:var(--awb-color1);--button_accent_hover_color:var(--awb-color1);--button_border_hover_color:var(--awb-color1);--button_gradient_top_color:var(--awb-color5);--button_gradient_bottom_color:var(--awb-color5);--button_gradient_top_color_hover:hsla(var(--awb-color5-h),var(--awb-color5-s),calc(var(--awb-color5-l) - 12%),var(--awb-color5-a));--button_gradient_bottom_color_hover:hsla(var(--awb-color5-h),var(--awb-color5-s),calc(var(--awb-color5-l) - 12%),var(--awb-color5-a));\" target=\"_self\" href=\"\/de\/selbsttragende-treppe\"><i class=\"fa-angle-double-right fas awb-button__icon awb-button__icon--default button-icon-left\" aria-hidden=\"true\"><\/i><span class=\"fusion-button-text awb-button__text awb-button__text--default\">Selbsttragende Treppe<\/span><\/a><\/div>\n<\/div><\/div><\/div><\/div><\/p>\n","protected":false},"excerpt":{"rendered":"","protected":false},"author":1,"featured_media":2897,"menu_order":1,"comment_status":"closed","ping_status":"closed","template":"","format":"standard","meta":{"footnotes":""},"portfolio_category":[118],"portfolio_skills":[],"portfolio_tags":[],"class_list":["post-4216","avada_portfolio","type-avada_portfolio","status-publish","format-standard","has-post-thumbnail","hentry","portfolio_category-selbsttragende-treppe"],"yoast_head":"<!-- This site is optimized with the Yoast SEO plugin v27.5 - https:\/\/yoast.com\/product\/yoast-seo-wordpress\/ -->\n<title>Helle Stufen f\u00fcr die COMPON-Treppe von Marretti Italien<\/title>\n<meta name=\"description\" content=\"COMPON-Treppen k\u00f6nnen mit einem Abschluss zwischen den Leuchtstufen oder mit Beleuchtung geliefert werden. Design von Marretti Made in Italy mit immer neuen L\u00f6sungen\" \/>\n<meta name=\"robots\" content=\"index, follow, max-snippet:-1, max-image-preview:large, max-video-preview:-1\" \/>\n<link rel=\"canonical\" href=\"https:\/\/www.marretti.it\/de\/treppe\/compon-selbsttragende-holztreppe\/\" \/>\n<meta property=\"og:locale\" content=\"de_DE\" \/>\n<meta property=\"og:type\" content=\"article\" \/>\n<meta property=\"og:title\" content=\"Helle Stufen f\u00fcr die COMPON-Treppe von Marretti Italien\" \/>\n<meta property=\"og:description\" content=\"COMPON-Treppen k\u00f6nnen mit einem Abschluss zwischen den Leuchtstufen oder mit Beleuchtung geliefert werden. Design von Marretti Made in Italy mit immer neuen L\u00f6sungen\" \/>\n<meta property=\"og:url\" content=\"https:\/\/www.marretti.it\/de\/treppe\/compon-selbsttragende-holztreppe\/\" \/>\n<meta property=\"og:site_name\" content=\"Marretti scale\" \/>\n<meta property=\"article:publisher\" content=\"https:\/\/www.facebook.com\/marretti.italy\" \/>\n<meta property=\"article:modified_time\" content=\"2024-06-29T17:58:34+00:00\" \/>\n<meta property=\"og:image\" content=\"https:\/\/www.marretti.it\/site\/wp-content\/uploads\/2024\/05\/compon-scala-autoportante-gradini-luminosi-marretti.webp\" \/>\n\t<meta property=\"og:image:width\" content=\"1800\" \/>\n\t<meta property=\"og:image:height\" content=\"1794\" \/>\n\t<meta property=\"og:image:type\" content=\"image\/webp\" \/>\n<meta name=\"twitter:card\" content=\"summary_large_image\" \/>\n<meta name=\"twitter:label1\" content=\"Est. reading time\" \/>\n\t<meta name=\"twitter:data1\" content=\"2 minutes\" \/>\n<script type=\"application\/ld+json\" class=\"yoast-schema-graph\">{\"@context\":\"https:\\\/\\\/schema.org\",\"@graph\":[{\"@type\":\"WebPage\",\"@id\":\"https:\\\/\\\/www.marretti.it\\\/de\\\/treppe\\\/compon-selbsttragende-holztreppe\\\/\",\"url\":\"https:\\\/\\\/www.marretti.it\\\/de\\\/treppe\\\/compon-selbsttragende-holztreppe\\\/\",\"name\":\"Helle Stufen f\u00fcr die COMPON-Treppe von Marretti Italien\",\"isPartOf\":{\"@id\":\"https:\\\/\\\/ww2.marretti.it\\\/#website\"},\"primaryImageOfPage\":{\"@id\":\"https:\\\/\\\/www.marretti.it\\\/de\\\/treppe\\\/compon-selbsttragende-holztreppe\\\/#primaryimage\"},\"image\":{\"@id\":\"https:\\\/\\\/www.marretti.it\\\/de\\\/treppe\\\/compon-selbsttragende-holztreppe\\\/#primaryimage\"},\"thumbnailUrl\":\"https:\\\/\\\/www.marretti.it\\\/site\\\/wp-content\\\/uploads\\\/2024\\\/05\\\/compon-scala-autoportante-gradini-luminosi-marretti.webp\",\"datePublished\":\"2024-05-11T18:20:31+00:00\",\"dateModified\":\"2024-06-29T17:58:34+00:00\",\"description\":\"COMPON-Treppen k\u00f6nnen mit einem Abschluss zwischen den Leuchtstufen oder mit Beleuchtung geliefert werden. Design von Marretti Made in Italy mit immer neuen L\u00f6sungen\",\"breadcrumb\":{\"@id\":\"https:\\\/\\\/www.marretti.it\\\/de\\\/treppe\\\/compon-selbsttragende-holztreppe\\\/#breadcrumb\"},\"inLanguage\":\"de-DE\",\"potentialAction\":[{\"@type\":\"ReadAction\",\"target\":[\"https:\\\/\\\/www.marretti.it\\\/de\\\/treppe\\\/compon-selbsttragende-holztreppe\\\/\"]}]},{\"@type\":\"ImageObject\",\"inLanguage\":\"de-DE\",\"@id\":\"https:\\\/\\\/www.marretti.it\\\/de\\\/treppe\\\/compon-selbsttragende-holztreppe\\\/#primaryimage\",\"url\":\"https:\\\/\\\/www.marretti.it\\\/site\\\/wp-content\\\/uploads\\\/2024\\\/05\\\/compon-scala-autoportante-gradini-luminosi-marretti.webp\",\"contentUrl\":\"https:\\\/\\\/www.marretti.it\\\/site\\\/wp-content\\\/uploads\\\/2024\\\/05\\\/compon-scala-autoportante-gradini-luminosi-marretti.webp\",\"width\":1800,\"height\":1794},{\"@type\":\"BreadcrumbList\",\"@id\":\"https:\\\/\\\/www.marretti.it\\\/de\\\/treppe\\\/compon-selbsttragende-holztreppe\\\/#breadcrumb\",\"itemListElement\":[{\"@type\":\"ListItem\",\"position\":1,\"name\":\"Home\",\"item\":\"https:\\\/\\\/www.marretti.it\\\/de\\\/\"},{\"@type\":\"ListItem\",\"position\":2,\"name\":\"Portfolio\",\"item\":\"https:\\\/\\\/www.marretti.it\\\/de\\\/treppe\\\/\"},{\"@type\":\"ListItem\",\"position\":3,\"name\":\"COMPON selbsttragende Holztreppe\"}]},{\"@type\":\"WebSite\",\"@id\":\"https:\\\/\\\/ww2.marretti.it\\\/#website\",\"url\":\"https:\\\/\\\/ww2.marretti.it\\\/\",\"name\":\"Marretti scale\",\"description\":\"Qualit\u00e0 e design Made in Italy\",\"publisher\":{\"@id\":\"https:\\\/\\\/ww2.marretti.it\\\/#organization\"},\"potentialAction\":[{\"@type\":\"SearchAction\",\"target\":{\"@type\":\"EntryPoint\",\"urlTemplate\":\"https:\\\/\\\/ww2.marretti.it\\\/?s={search_term_string}\"},\"query-input\":{\"@type\":\"PropertyValueSpecification\",\"valueRequired\":true,\"valueName\":\"search_term_string\"}}],\"inLanguage\":\"de-DE\"},{\"@type\":\"Organization\",\"@id\":\"https:\\\/\\\/ww2.marretti.it\\\/#organization\",\"name\":\"Marretti scale\",\"url\":\"https:\\\/\\\/ww2.marretti.it\\\/\",\"logo\":{\"@type\":\"ImageObject\",\"inLanguage\":\"de-DE\",\"@id\":\"https:\\\/\\\/ww2.marretti.it\\\/#\\\/schema\\\/logo\\\/image\\\/\",\"url\":\"https:\\\/\\\/www.marretti.it\\\/site\\\/wp-content\\\/uploads\\\/2024\\\/05\\\/marretti-scale-italia-firenze.png\",\"contentUrl\":\"https:\\\/\\\/www.marretti.it\\\/site\\\/wp-content\\\/uploads\\\/2024\\\/05\\\/marretti-scale-italia-firenze.png\",\"width\":1200,\"height\":400,\"caption\":\"Marretti scale\"},\"image\":{\"@id\":\"https:\\\/\\\/ww2.marretti.it\\\/#\\\/schema\\\/logo\\\/image\\\/\"},\"sameAs\":[\"https:\\\/\\\/www.facebook.com\\\/marretti.italy\",\"https:\\\/\\\/www.youtube.com\\\/channel\\\/UC0Mby6XP9MFPjgl-Go-vWsA\"]}]}<\/script>\n<!-- \/ Yoast SEO plugin. -->","yoast_head_json":{"title":"Helle Stufen f\u00fcr die COMPON-Treppe von Marretti Italien","description":"COMPON-Treppen k\u00f6nnen mit einem Abschluss zwischen den Leuchtstufen oder mit Beleuchtung geliefert werden. Design von Marretti Made in Italy mit immer neuen L\u00f6sungen","robots":{"index":"index","follow":"follow","max-snippet":"max-snippet:-1","max-image-preview":"max-image-preview:large","max-video-preview":"max-video-preview:-1"},"canonical":"https:\/\/www.marretti.it\/de\/treppe\/compon-selbsttragende-holztreppe\/","og_locale":"de_DE","og_type":"article","og_title":"Helle Stufen f\u00fcr die COMPON-Treppe von Marretti Italien","og_description":"COMPON-Treppen k\u00f6nnen mit einem Abschluss zwischen den Leuchtstufen oder mit Beleuchtung geliefert werden. Design von Marretti Made in Italy mit immer neuen L\u00f6sungen","og_url":"https:\/\/www.marretti.it\/de\/treppe\/compon-selbsttragende-holztreppe\/","og_site_name":"Marretti scale","article_publisher":"https:\/\/www.facebook.com\/marretti.italy","article_modified_time":"2024-06-29T17:58:34+00:00","og_image":[{"width":1800,"height":1794,"url":"https:\/\/www.marretti.it\/site\/wp-content\/uploads\/2024\/05\/compon-scala-autoportante-gradini-luminosi-marretti.webp","type":"image\/webp"}],"twitter_card":"summary_large_image","twitter_misc":{"Est. reading time":"2 minutes"},"schema":{"@context":"https:\/\/schema.org","@graph":[{"@type":"WebPage","@id":"https:\/\/www.marretti.it\/de\/treppe\/compon-selbsttragende-holztreppe\/","url":"https:\/\/www.marretti.it\/de\/treppe\/compon-selbsttragende-holztreppe\/","name":"Helle Stufen f\u00fcr die COMPON-Treppe von Marretti Italien","isPartOf":{"@id":"https:\/\/ww2.marretti.it\/#website"},"primaryImageOfPage":{"@id":"https:\/\/www.marretti.it\/de\/treppe\/compon-selbsttragende-holztreppe\/#primaryimage"},"image":{"@id":"https:\/\/www.marretti.it\/de\/treppe\/compon-selbsttragende-holztreppe\/#primaryimage"},"thumbnailUrl":"https:\/\/www.marretti.it\/site\/wp-content\/uploads\/2024\/05\/compon-scala-autoportante-gradini-luminosi-marretti.webp","datePublished":"2024-05-11T18:20:31+00:00","dateModified":"2024-06-29T17:58:34+00:00","description":"COMPON-Treppen k\u00f6nnen mit einem Abschluss zwischen den Leuchtstufen oder mit Beleuchtung geliefert werden. Design von Marretti Made in Italy mit immer neuen L\u00f6sungen","breadcrumb":{"@id":"https:\/\/www.marretti.it\/de\/treppe\/compon-selbsttragende-holztreppe\/#breadcrumb"},"inLanguage":"de-DE","potentialAction":[{"@type":"ReadAction","target":["https:\/\/www.marretti.it\/de\/treppe\/compon-selbsttragende-holztreppe\/"]}]},{"@type":"ImageObject","inLanguage":"de-DE","@id":"https:\/\/www.marretti.it\/de\/treppe\/compon-selbsttragende-holztreppe\/#primaryimage","url":"https:\/\/www.marretti.it\/site\/wp-content\/uploads\/2024\/05\/compon-scala-autoportante-gradini-luminosi-marretti.webp","contentUrl":"https:\/\/www.marretti.it\/site\/wp-content\/uploads\/2024\/05\/compon-scala-autoportante-gradini-luminosi-marretti.webp","width":1800,"height":1794},{"@type":"BreadcrumbList","@id":"https:\/\/www.marretti.it\/de\/treppe\/compon-selbsttragende-holztreppe\/#breadcrumb","itemListElement":[{"@type":"ListItem","position":1,"name":"Home","item":"https:\/\/www.marretti.it\/de\/"},{"@type":"ListItem","position":2,"name":"Portfolio","item":"https:\/\/www.marretti.it\/de\/treppe\/"},{"@type":"ListItem","position":3,"name":"COMPON selbsttragende Holztreppe"}]},{"@type":"WebSite","@id":"https:\/\/ww2.marretti.it\/#website","url":"https:\/\/ww2.marretti.it\/","name":"Marretti scale","description":"Qualit\u00e0 e design Made in Italy","publisher":{"@id":"https:\/\/ww2.marretti.it\/#organization"},"potentialAction":[{"@type":"SearchAction","target":{"@type":"EntryPoint","urlTemplate":"https:\/\/ww2.marretti.it\/?s={search_term_string}"},"query-input":{"@type":"PropertyValueSpecification","valueRequired":true,"valueName":"search_term_string"}}],"inLanguage":"de-DE"},{"@type":"Organization","@id":"https:\/\/ww2.marretti.it\/#organization","name":"Marretti scale","url":"https:\/\/ww2.marretti.it\/","logo":{"@type":"ImageObject","inLanguage":"de-DE","@id":"https:\/\/ww2.marretti.it\/#\/schema\/logo\/image\/","url":"https:\/\/www.marretti.it\/site\/wp-content\/uploads\/2024\/05\/marretti-scale-italia-firenze.png","contentUrl":"https:\/\/www.marretti.it\/site\/wp-content\/uploads\/2024\/05\/marretti-scale-italia-firenze.png","width":1200,"height":400,"caption":"Marretti scale"},"image":{"@id":"https:\/\/ww2.marretti.it\/#\/schema\/logo\/image\/"},"sameAs":["https:\/\/www.facebook.com\/marretti.italy","https:\/\/www.youtube.com\/channel\/UC0Mby6XP9MFPjgl-Go-vWsA"]}]}},"_links":{"self":[{"href":"https:\/\/www.marretti.it\/de\/wp-json\/wp\/v2\/avada_portfolio\/4216","targetHints":{"allow":["GET"]}}],"collection":[{"href":"https:\/\/www.marretti.it\/de\/wp-json\/wp\/v2\/avada_portfolio"}],"about":[{"href":"https:\/\/www.marretti.it\/de\/wp-json\/wp\/v2\/types\/avada_portfolio"}],"author":[{"embeddable":true,"href":"https:\/\/www.marretti.it\/de\/wp-json\/wp\/v2\/users\/1"}],"replies":[{"embeddable":true,"href":"https:\/\/www.marretti.it\/de\/wp-json\/wp\/v2\/comments?post=4216"}],"version-history":[{"count":2,"href":"https:\/\/www.marretti.it\/de\/wp-json\/wp\/v2\/avada_portfolio\/4216\/revisions"}],"predecessor-version":[{"id":4305,"href":"https:\/\/www.marretti.it\/de\/wp-json\/wp\/v2\/avada_portfolio\/4216\/revisions\/4305"}],"wp:featuredmedia":[{"embeddable":true,"href":"https:\/\/www.marretti.it\/de\/wp-json\/wp\/v2\/media\/2897"}],"wp:attachment":[{"href":"https:\/\/www.marretti.it\/de\/wp-json\/wp\/v2\/media?parent=4216"}],"wp:term":[{"taxonomy":"portfolio_category","embeddable":true,"href":"https:\/\/www.marretti.it\/de\/wp-json\/wp\/v2\/portfolio_category?post=4216"},{"taxonomy":"portfolio_skills","embeddable":true,"href":"https:\/\/www.marretti.it\/de\/wp-json\/wp\/v2\/portfolio_skills?post=4216"},{"taxonomy":"portfolio_tags","embeddable":true,"href":"https:\/\/www.marretti.it\/de\/wp-json\/wp\/v2\/portfolio_tags?post=4216"}],"curies":[{"name":"wp","href":"https:\/\/api.w.org\/{rel}","templated":true}]}}