{"id":4638,"date":"2024-05-18T05:55:06","date_gmt":"2024-05-18T05:55:06","guid":{"rendered":"https:\/\/www.marretti.it\/scala\/ringhiere-scale-vetro-strutturale\/"},"modified":"2024-07-02T12:34:03","modified_gmt":"2024-07-02T12:34:03","slug":"garde-corps-en-verre-structurel","status":"publish","type":"avada_portfolio","link":"https:\/\/www.marretti.it\/fr\/escalier\/garde-corps-en-verre-structurel\/","title":{"rendered":"Garde-corps en verre structurel"},"content":{"rendered":"<p><div class=\"fusion-fullwidth fullwidth-box fusion-builder-row-1 fusion-flex-container has-pattern-background has-mask-background nonhundred-percent-fullwidth non-hundred-percent-height-scrolling\" style=\"--awb-border-radius-top-left:0px;--awb-border-radius-top-right:0px;--awb-border-radius-bottom-right:0px;--awb-border-radius-bottom-left:0px;--awb-padding-left:0px;--awb-margin-bottom:60px;--awb-flex-wrap:wrap;\" ><div class=\"fusion-builder-row fusion-row fusion-flex-align-items-center fusion-flex-justify-content-center fusion-flex-content-wrap\" style=\"max-width:1216.8px;margin-left: calc(-4% \/ 2 );margin-right: calc(-4% \/ 2 );\"><div class=\"fusion-layout-column fusion_builder_column fusion-builder-column-0 fusion_builder_column_2_3 2_3 fusion-flex-column\" style=\"--awb-bg-size:cover;--awb-width-large:66.666666666667%;--awb-margin-top-large:0px;--awb-spacing-right-large:2.88%;--awb-margin-bottom-large:0px;--awb-spacing-left-large:2.88%;--awb-width-medium:100%;--awb-order-medium:0;--awb-spacing-right-medium:1.92%;--awb-spacing-left-medium:1.92%;--awb-width-small:100%;--awb-order-small:0;--awb-spacing-right-small:1.92%;--awb-spacing-left-small:1.92%;\"><div class=\"fusion-column-wrapper fusion-column-has-shadow fusion-flex-justify-content-flex-start fusion-content-layout-column\"><div class=\"fusion-image-element \" style=\"text-align:center;--awb-caption-title-font-family:var(--h2_typography-font-family);--awb-caption-title-font-weight:var(--h2_typography-font-weight);--awb-caption-title-font-style:var(--h2_typography-font-style);--awb-caption-title-size:var(--h2_typography-font-size);--awb-caption-title-transform:var(--h2_typography-text-transform);--awb-caption-title-line-height:var(--h2_typography-line-height);--awb-caption-title-letter-spacing:var(--h2_typography-letter-spacing);\"><span class=\" fusion-imageframe imageframe-none imageframe-1 hover-type-none fusion-animated\" data-animationType=\"fadeInLeft\" data-animationDuration=\"0.3\" data-animationOffset=\"top-into-view\"><img decoding=\"async\" width=\"1800\" height=\"1200\" title=\"ringhiere-vetro-strutturale-marretti2\" src=\"https:\/\/www.marretti.it\/site\/wp-content\/uploads\/2024\/05\/ringhiere-vetro-strutturale-marretti2.webp\" data-orig-src=\"https:\/\/www.marretti.it\/site\/wp-content\/uploads\/2024\/05\/ringhiere-vetro-strutturale-marretti2.webp\" alt class=\"lazyload img-responsive wp-image-3513\" srcset=\"data:image\/svg+xml,%3Csvg%20xmlns%3D%27http%3A%2F%2Fwww.w3.org%2F2000%2Fsvg%27%20width%3D%271800%27%20height%3D%271200%27%20viewBox%3D%270%200%201800%201200%27%3E%3Crect%20width%3D%271800%27%20height%3D%271200%27%20fill-opacity%3D%220%22%2F%3E%3C%2Fsvg%3E\" data-srcset=\"https:\/\/www.marretti.it\/site\/wp-content\/uploads\/2024\/05\/ringhiere-vetro-strutturale-marretti2-200x133.webp 200w, https:\/\/www.marretti.it\/site\/wp-content\/uploads\/2024\/05\/ringhiere-vetro-strutturale-marretti2-400x267.webp 400w, https:\/\/www.marretti.it\/site\/wp-content\/uploads\/2024\/05\/ringhiere-vetro-strutturale-marretti2-600x400.webp 600w, https:\/\/www.marretti.it\/site\/wp-content\/uploads\/2024\/05\/ringhiere-vetro-strutturale-marretti2-800x533.webp 800w, https:\/\/www.marretti.it\/site\/wp-content\/uploads\/2024\/05\/ringhiere-vetro-strutturale-marretti2-1200x800.webp 1200w, https:\/\/www.marretti.it\/site\/wp-content\/uploads\/2024\/05\/ringhiere-vetro-strutturale-marretti2.webp 1800w\" data-sizes=\"auto\" data-orig-sizes=\"(max-width: 1024px) 100vw, (max-width: 640px) 100vw, 800px\" \/><\/span><\/div><\/div><\/div><div class=\"fusion-layout-column fusion_builder_column fusion-builder-column-1 fusion_builder_column_1_3 1_3 fusion-flex-column\" style=\"--awb-bg-size:cover;--awb-width-large:33.333333333333%;--awb-margin-top-large:0px;--awb-spacing-right-large:5.76%;--awb-margin-bottom-large:0px;--awb-spacing-left-large:5.76%;--awb-width-medium:100%;--awb-order-medium:0;--awb-spacing-right-medium:1.92%;--awb-spacing-left-medium:1.92%;--awb-width-small:100%;--awb-order-small:0;--awb-spacing-right-small:1.92%;--awb-spacing-left-small:1.92%;\"><div class=\"fusion-column-wrapper fusion-column-has-shadow fusion-flex-justify-content-flex-start fusion-content-layout-column\"><div class=\"fusion-text fusion-text-1\" style=\"--awb-margin-top:40px;\"><p>Les garde-corps en verre structurel peuvent \u00eatre fix\u00e9s au sol via un rail en acier inoxydable Aisi 304 ou lat\u00e9ralement avec des goujons de fixation en acier inoxydable.<\/p>\n<\/div><div class=\"fusion-image-element \" style=\"text-align:center;--awb-caption-title-font-family:var(--h2_typography-font-family);--awb-caption-title-font-weight:var(--h2_typography-font-weight);--awb-caption-title-font-style:var(--h2_typography-font-style);--awb-caption-title-size:var(--h2_typography-font-size);--awb-caption-title-transform:var(--h2_typography-text-transform);--awb-caption-title-line-height:var(--h2_typography-line-height);--awb-caption-title-letter-spacing:var(--h2_typography-letter-spacing);\"><span class=\" fusion-imageframe imageframe-none imageframe-2 hover-type-none fusion-animated\" data-animationType=\"fadeInLeft\" data-animationDuration=\"0.3\" data-animationOffset=\"top-into-view\"><img decoding=\"async\" width=\"1600\" height=\"1516\" title=\"ringhiere-vetro-strutturale-marretti3\" src=\"https:\/\/www.marretti.it\/site\/wp-content\/uploads\/2024\/05\/ringhiere-vetro-strutturale-marretti3.webp\" data-orig-src=\"https:\/\/www.marretti.it\/site\/wp-content\/uploads\/2024\/05\/ringhiere-vetro-strutturale-marretti3.webp\" alt class=\"lazyload img-responsive wp-image-3518\" srcset=\"data:image\/svg+xml,%3Csvg%20xmlns%3D%27http%3A%2F%2Fwww.w3.org%2F2000%2Fsvg%27%20width%3D%271600%27%20height%3D%271516%27%20viewBox%3D%270%200%201600%201516%27%3E%3Crect%20width%3D%271600%27%20height%3D%271516%27%20fill-opacity%3D%220%22%2F%3E%3C%2Fsvg%3E\" data-srcset=\"https:\/\/www.marretti.it\/site\/wp-content\/uploads\/2024\/05\/ringhiere-vetro-strutturale-marretti3-200x190.webp 200w, https:\/\/www.marretti.it\/site\/wp-content\/uploads\/2024\/05\/ringhiere-vetro-strutturale-marretti3-400x379.webp 400w, https:\/\/www.marretti.it\/site\/wp-content\/uploads\/2024\/05\/ringhiere-vetro-strutturale-marretti3-600x569.webp 600w, https:\/\/www.marretti.it\/site\/wp-content\/uploads\/2024\/05\/ringhiere-vetro-strutturale-marretti3-800x758.webp 800w, https:\/\/www.marretti.it\/site\/wp-content\/uploads\/2024\/05\/ringhiere-vetro-strutturale-marretti3-1200x1137.webp 1200w, https:\/\/www.marretti.it\/site\/wp-content\/uploads\/2024\/05\/ringhiere-vetro-strutturale-marretti3.webp 1600w\" data-sizes=\"auto\" data-orig-sizes=\"(max-width: 1024px) 100vw, (max-width: 640px) 100vw, 400px\" \/><\/span><\/div><\/div><\/div><\/div><\/div><div class=\"fusion-fullwidth fullwidth-box fusion-builder-row-2 fusion-flex-container has-pattern-background has-mask-background nonhundred-percent-fullwidth non-hundred-percent-height-scrolling\" style=\"--awb-border-radius-top-left:0px;--awb-border-radius-top-right:0px;--awb-border-radius-bottom-right:0px;--awb-border-radius-bottom-left:0px;--awb-margin-top:60px;--awb-margin-bottom:60px;--awb-flex-wrap:wrap;\" ><div class=\"fusion-builder-row fusion-row fusion-flex-align-items-center fusion-flex-justify-content-center fusion-flex-content-wrap\" style=\"max-width:1216.8px;margin-left: calc(-4% \/ 2 );margin-right: calc(-4% \/ 2 );\"><div class=\"fusion-layout-column fusion_builder_column fusion-builder-column-2 fusion_builder_column_1_3 1_3 fusion-flex-column\" style=\"--awb-bg-size:cover;--awb-width-large:33.333333333333%;--awb-margin-top-large:0px;--awb-spacing-right-large:5.76%;--awb-margin-bottom-large:0px;--awb-spacing-left-large:5.76%;--awb-width-medium:100%;--awb-order-medium:0;--awb-spacing-right-medium:1.92%;--awb-spacing-left-medium:1.92%;--awb-width-small:100%;--awb-order-small:0;--awb-spacing-right-small:1.92%;--awb-spacing-left-small:1.92%;\"><div class=\"fusion-column-wrapper fusion-column-has-shadow fusion-flex-justify-content-flex-start fusion-content-layout-column\"><div class=\"fusion-image-element \" style=\"text-align:center;--awb-caption-title-font-family:var(--h2_typography-font-family);--awb-caption-title-font-weight:var(--h2_typography-font-weight);--awb-caption-title-font-style:var(--h2_typography-font-style);--awb-caption-title-size:var(--h2_typography-font-size);--awb-caption-title-transform:var(--h2_typography-text-transform);--awb-caption-title-line-height:var(--h2_typography-line-height);--awb-caption-title-letter-spacing:var(--h2_typography-letter-spacing);\"><span class=\" fusion-imageframe imageframe-none imageframe-3 hover-type-none fusion-animated\" data-animationType=\"fadeInLeft\" data-animationDuration=\"0.3\" data-animationOffset=\"top-into-view\"><img decoding=\"async\" width=\"885\" height=\"1600\" title=\"ringhiere-vetro-strutturale-marretti5\" src=\"https:\/\/www.marretti.it\/site\/wp-content\/uploads\/2024\/05\/ringhiere-vetro-strutturale-marretti5.jpg\" data-orig-src=\"https:\/\/www.marretti.it\/site\/wp-content\/uploads\/2024\/05\/ringhiere-vetro-strutturale-marretti5.jpg\" alt class=\"lazyload img-responsive wp-image-3528\" srcset=\"data:image\/svg+xml,%3Csvg%20xmlns%3D%27http%3A%2F%2Fwww.w3.org%2F2000%2Fsvg%27%20width%3D%27885%27%20height%3D%271600%27%20viewBox%3D%270%200%20885%201600%27%3E%3Crect%20width%3D%27885%27%20height%3D%271600%27%20fill-opacity%3D%220%22%2F%3E%3C%2Fsvg%3E\" data-srcset=\"https:\/\/www.marretti.it\/site\/wp-content\/uploads\/2024\/05\/ringhiere-vetro-strutturale-marretti5-200x362.jpg 200w, https:\/\/www.marretti.it\/site\/wp-content\/uploads\/2024\/05\/ringhiere-vetro-strutturale-marretti5-400x723.jpg 400w, https:\/\/www.marretti.it\/site\/wp-content\/uploads\/2024\/05\/ringhiere-vetro-strutturale-marretti5-600x1085.jpg 600w, https:\/\/www.marretti.it\/site\/wp-content\/uploads\/2024\/05\/ringhiere-vetro-strutturale-marretti5-800x1446.jpg 800w, https:\/\/www.marretti.it\/site\/wp-content\/uploads\/2024\/05\/ringhiere-vetro-strutturale-marretti5.jpg 885w\" data-sizes=\"auto\" data-orig-sizes=\"(max-width: 1024px) 100vw, (max-width: 640px) 100vw, 400px\" \/><\/span><\/div><\/div><\/div><div class=\"fusion-layout-column fusion_builder_column fusion-builder-column-3 fusion_builder_column_1_2 1_2 fusion-flex-column\" style=\"--awb-bg-size:cover;--awb-width-large:50%;--awb-margin-top-large:0px;--awb-spacing-right-large:3.84%;--awb-margin-bottom-large:0px;--awb-spacing-left-large:3.84%;--awb-width-medium:100%;--awb-order-medium:0;--awb-spacing-right-medium:1.92%;--awb-spacing-left-medium:1.92%;--awb-width-small:100%;--awb-order-small:0;--awb-spacing-right-small:1.92%;--awb-spacing-left-small:1.92%;\"><div class=\"fusion-column-wrapper fusion-column-has-shadow fusion-flex-justify-content-flex-start fusion-content-layout-column\"><div class=\"fusion-text fusion-text-2\"><p>Le verre qui compose le garde-corps est tremp\u00e9 et feuillet\u00e9 d&#8217;une \u00e9paisseur de 24 mm. ou 20 mm. (2 couches de verre tremp\u00e9 de 10\/12 mm chacune et 1 film PVB de 0,6 mm entre elles) et il est possible de cr\u00e9er une finition extra-claire, float, satin\u00e9e ou color\u00e9e. L&#8217;acier inoxydable utilis\u00e9 dans le syst\u00e8me est de type AISI 304 avec une finition polie ou satin\u00e9e.<\/p>\n<\/div><div class=\"fusion-text fusion-text-3\" style=\"--awb-margin-top:40px;\"><p>Les garde-corps peuvent \u00e9galement avoir la main courante fix\u00e9e soit en acier inoxydable \u00d8 35 mm. AISI 304 ou en bois \u00d8 50 mm. fourni en diff\u00e9rentes essences (H\u00eatre, Ch\u00eane, Doussi\u00e8, Weng\u00e8, Teck, Iroko), et avec de multiples finitions (peintures \u00e0 l&#8217;huile, blanchies, polyur\u00e9thane, etc.).<\/p>\n<\/div><\/div><\/div><\/div><\/div><div class=\"fusion-fullwidth fullwidth-box fusion-builder-row-3 fusion-flex-container has-pattern-background has-mask-background nonhundred-percent-fullwidth non-hundred-percent-height-scrolling\" style=\"--awb-border-radius-top-left:0px;--awb-border-radius-top-right:0px;--awb-border-radius-bottom-right:0px;--awb-border-radius-bottom-left:0px;--awb-margin-top:60px;--awb-margin-bottom:60px;--awb-flex-wrap:wrap;\" ><div class=\"fusion-builder-row fusion-row fusion-flex-align-items-flex-start fusion-flex-justify-content-center fusion-flex-content-wrap\" style=\"max-width:1216.8px;margin-left: calc(-4% \/ 2 );margin-right: calc(-4% \/ 2 );\"><div class=\"fusion-layout-column fusion_builder_column fusion-builder-column-4 fusion_builder_column_1_3 1_3 fusion-flex-column\" style=\"--awb-bg-size:cover;--awb-width-large:33.333333333333%;--awb-margin-top-large:0px;--awb-spacing-right-large:5.76%;--awb-margin-bottom-large:0px;--awb-spacing-left-large:5.76%;--awb-width-medium:100%;--awb-order-medium:0;--awb-spacing-right-medium:1.92%;--awb-spacing-left-medium:1.92%;--awb-width-small:100%;--awb-order-small:0;--awb-spacing-right-small:1.92%;--awb-spacing-left-small:1.92%;\" data-scroll-devices=\"small-visibility,medium-visibility,large-visibility\"><div class=\"fusion-column-wrapper fusion-column-has-shadow fusion-flex-justify-content-flex-start fusion-content-layout-column\"><div class=\"fusion-title title fusion-title-1 fusion-sep-none fusion-title-center fusion-title-text fusion-title-size-five\" style=\"--awb-margin-bottom:0px;--awb-margin-top-small:20px;--awb-margin-right-small:0px;--awb-margin-bottom-small:20px;--awb-margin-left-small:0px;\"><h5 class=\"fusion-title-heading title-heading-center fusion-responsive-typography-calculated\" style=\"margin:0;text-transform:none;--fontSize:20;--minFontSize:20;line-height:var(--awb-typography1-line-height);\"><p style=\"text-align: center;\">Verre<\/p><\/h5><\/div><div class=\"awb-circles-info\" style=\"--awb-max-width:350px;--awb-icon-circle-size:0px;--awb-content-circle-size:0px;--awb-icon-color:var(--awb-color7);--awb-icon-bg-color:var(--awb-color1);--awb-icon-active-color:var(--awb-color5);--awb-icon-bg-active-color:var(--awb-color1);--awb-title-font-size:25px;--awb-title-color:var(--awb-color1);--awb-content-color:var(--awb-color1);--awb-gradient-start-position:0%;--awb-gradient-end-position:100%;--awb-linear-angle:180deg;--awb-radial-direction:circle at center center;--awb-title-text-transform:none;\" data-activation-type=\"mouseover\"><div class=\"awb-circles-info-wrapper\"><div class=\"awb-circles-info-icons-wrapper\"><div class=\"awb-circles-info-tab-link\" data-id=\"1\"><span><i class=\"fa-asterisk fas\"><\/i><\/span><\/div><div class=\"awb-circles-info-tab-link\" data-id=\"2\"><span><i class=\"fa-asterisk fas\"><\/i><\/span><\/div><div class=\"awb-circles-info-tab-link\" data-id=\"3\"><span><i class=\"fa-asterisk fas\"><\/i><\/span><\/div><\/div><div class=\"awb-circles-info-content-wrapper\"><div class=\"awb-circle-info awb-circles-info-content-area awb-circle-info-1 has-bg-image bg-image-blend-mode-\" data-id=\"1\" style=\"--awb-background-image:url(&quot;https:\/\/www.marretti.it\/site\/wp-content\/uploads\/2024\/05\/vetro-cristallo.jpg&quot;);\"><div class=\"awb-circles-info-title\">antid\u00e9rapant<\/div><\/div><div class=\"awb-circle-info awb-circles-info-content-area awb-circle-info-2 has-bg-image bg-image-blend-mode-\" data-id=\"2\" style=\"--awb-background-image:url(&quot;https:\/\/www.marretti.it\/site\/wp-content\/uploads\/2024\/05\/vetro-cristallo.jpg&quot;);\"><div class=\"awb-circles-info-title\">satin<\/div><\/div><div class=\"awb-circle-info awb-circles-info-content-area awb-circle-info-3 has-bg-image bg-image-blend-mode-\" data-id=\"3\" style=\"--awb-background-image:url(&quot;https:\/\/www.marretti.it\/site\/wp-content\/uploads\/2024\/05\/vetro-cristallo.jpg&quot;);\"><div class=\"awb-circles-info-title\">extra clair<\/div><\/div><\/div><\/div><\/div><\/div><\/div>\n<div class=\"fusion-layout-column fusion_builder_column fusion-builder-column-5 fusion_builder_column_1_3 1_3 fusion-flex-column\" style=\"--awb-bg-size:cover;--awb-width-large:33.333333333333%;--awb-margin-top-large:0px;--awb-spacing-right-large:5.76%;--awb-margin-bottom-large:0px;--awb-spacing-left-large:5.76%;--awb-width-medium:50%;--awb-order-medium:0;--awb-spacing-right-medium:3.84%;--awb-spacing-left-medium:3.84%;--awb-width-small:100%;--awb-order-small:0;--awb-spacing-right-small:1.92%;--awb-spacing-left-small:1.92%;\" data-scroll-devices=\"small-visibility,medium-visibility,large-visibility\"><div class=\"fusion-column-wrapper fusion-column-has-shadow fusion-flex-justify-content-flex-start fusion-content-layout-column\"><div class=\"fusion-title title fusion-title-2 fusion-sep-none fusion-title-center fusion-title-text fusion-title-size-five\" style=\"--awb-margin-bottom:0px;--awb-margin-top-small:20px;--awb-margin-right-small:0px;--awb-margin-bottom-small:20px;--awb-margin-left-small:0px;\"><h5 class=\"fusion-title-heading title-heading-center fusion-responsive-typography-calculated\" style=\"margin:0;text-transform:none;--fontSize:20;--minFontSize:20;line-height:var(--awb-typography1-line-height);\"><p style=\"text-align: center;\">Acier inoxydable<\/p><\/h5><\/div><div class=\"awb-circles-info\" style=\"--awb-max-width:350px;--awb-icon-circle-size:0px;--awb-content-circle-size:0px;--awb-icon-color:var(--awb-color7);--awb-icon-bg-color:var(--awb-color1);--awb-icon-active-color:var(--awb-color5);--awb-icon-bg-active-color:var(--awb-color1);--awb-title-font-size:25px;--awb-title-color:var(--awb-color1);--awb-content-color:var(--awb-color1);--awb-gradient-start-position:0%;--awb-gradient-end-position:100%;--awb-linear-angle:180deg;--awb-radial-direction:circle at center center;--awb-title-text-transform:none;\" data-activation-type=\"mouseover\"><div class=\"awb-circles-info-wrapper\"><div class=\"awb-circles-info-icons-wrapper\"><div class=\"awb-circles-info-tab-link\" data-id=\"1\"><span><i class=\"fa-asterisk fas\"><\/i><\/span><\/div><div class=\"awb-circles-info-tab-link\" data-id=\"2\"><span><i class=\"fa-asterisk fas\"><\/i><\/span><\/div><\/div><div class=\"awb-circles-info-content-wrapper\"><div class=\"awb-circle-info awb-circles-info-content-area awb-circle-info-1 has-bg-image bg-image-blend-mode-\" data-id=\"1\" style=\"--awb-background-image:url(&quot;https:\/\/www.marretti.it\/site\/wp-content\/uploads\/2024\/05\/acciaio-inox-lucido-polished-steel.webp&quot;);\"><div class=\"awb-circles-info-title\">brillant<\/div><\/div><div class=\"awb-circle-info awb-circles-info-content-area awb-circle-info-2 has-bg-image bg-image-blend-mode-\" data-id=\"2\" style=\"--awb-background-image:url(&quot;https:\/\/www.marretti.it\/site\/wp-content\/uploads\/2024\/05\/acciaio-inox-satinato-satin-stainless-steels.webp&quot;);\"><div class=\"awb-circles-info-title\">satin<\/div><\/div><\/div><\/div><\/div><\/div><\/div><\/div><\/div><div class=\"fusion-fullwidth fullwidth-box fusion-builder-row-4 fusion-flex-container has-pattern-background has-mask-background nonhundred-percent-fullwidth non-hundred-percent-height-scrolling\" style=\"--awb-border-radius-top-left:0px;--awb-border-radius-top-right:0px;--awb-border-radius-bottom-right:0px;--awb-border-radius-bottom-left:0px;--awb-flex-wrap:wrap;\" ><div class=\"fusion-builder-row fusion-row fusion-flex-align-items-flex-start fusion-flex-content-wrap\" style=\"max-width:1216.8px;margin-left: calc(-4% \/ 2 );margin-right: calc(-4% \/ 2 );\"><div class=\"fusion-layout-column fusion_builder_column fusion-builder-column-6 fusion_builder_column_1_1 1_1 fusion-flex-column\" style=\"--awb-bg-size:cover;--awb-width-large:100%;--awb-margin-top-large:0px;--awb-spacing-right-large:1.92%;--awb-margin-bottom-large:0px;--awb-spacing-left-large:1.92%;--awb-width-medium:100%;--awb-order-medium:0;--awb-spacing-right-medium:1.92%;--awb-spacing-left-medium:1.92%;--awb-width-small:100%;--awb-order-small:0;--awb-spacing-right-small:1.92%;--awb-spacing-left-small:1.92%;\"><div class=\"fusion-column-wrapper fusion-column-has-shadow fusion-flex-justify-content-flex-start fusion-content-layout-column\"><div style=\"text-align:center;\"><a class=\"fusion-button button-flat fusion-button-default-size button-custom fusion-button-default button-1 fusion-button-default-span \" style=\"--awb-margin-top:50px;--awb-margin-bottom:50px;--button_accent_color:var(--awb-color1);--button_accent_hover_color:var(--awb-color1);--button_border_hover_color:var(--awb-color1);--button_gradient_top_color:var(--awb-color5);--button_gradient_bottom_color:var(--awb-color5);--button_gradient_top_color_hover:hsla(var(--awb-color5-h),var(--awb-color5-s),calc(var(--awb-color5-l) - 12%),var(--awb-color5-a));--button_gradient_bottom_color_hover:hsla(var(--awb-color5-h),var(--awb-color5-s),calc(var(--awb-color5-l) - 12%),var(--awb-color5-a));\" target=\"_self\" href=\"\/fr\/garde-corps-de-escalier\"><i class=\"fa-angle-double-right fas awb-button__icon awb-button__icon--default button-icon-left\" aria-hidden=\"true\"><\/i><span class=\"fusion-button-text awb-button__text awb-button__text--default\">Garde-corps<\/span><\/a><\/div>\n<\/div><\/div><\/div><\/div><\/p>\n","protected":false},"excerpt":{"rendered":"","protected":false},"author":1,"featured_media":3508,"menu_order":1,"comment_status":"closed","ping_status":"closed","template":"","format":"standard","meta":{"footnotes":""},"portfolio_category":[129],"portfolio_skills":[],"portfolio_tags":[],"class_list":["post-4638","avada_portfolio","type-avada_portfolio","status-publish","format-standard","has-post-thumbnail","hentry","portfolio_category-ringhiere-fr"],"yoast_head":"<!-- This site is optimized with the Yoast SEO plugin v27.5 - https:\/\/yoast.com\/product\/yoast-seo-wordpress\/ -->\n<title>Garde-corps en verre pour escaliers Marretti fabriqu\u00e9s en Italie<\/title>\n<meta name=\"description\" content=\"Les garde-corps en verre structurel tremp\u00e9 et feuillet\u00e9 d&#039;une \u00e9paisseur de 24 mm ou 20 mm sont fix\u00e9s au sol via un rail en acier inoxydable Aisi 304\" \/>\n<meta name=\"robots\" content=\"index, follow, max-snippet:-1, max-image-preview:large, max-video-preview:-1\" \/>\n<link rel=\"canonical\" href=\"https:\/\/www.marretti.it\/fr\/escalier\/garde-corps-en-verre-structurel\/\" \/>\n<meta property=\"og:locale\" content=\"fr_FR\" \/>\n<meta property=\"og:type\" content=\"article\" \/>\n<meta property=\"og:title\" content=\"Garde-corps en verre pour escaliers Marretti fabriqu\u00e9s en Italie\" \/>\n<meta property=\"og:description\" content=\"Les garde-corps en verre structurel tremp\u00e9 et feuillet\u00e9 d&#039;une \u00e9paisseur de 24 mm ou 20 mm sont fix\u00e9s au sol via un rail en acier inoxydable Aisi 304\" \/>\n<meta property=\"og:url\" content=\"https:\/\/www.marretti.it\/fr\/escalier\/garde-corps-en-verre-structurel\/\" \/>\n<meta property=\"og:site_name\" content=\"Marretti scale\" \/>\n<meta property=\"article:publisher\" content=\"https:\/\/www.facebook.com\/marretti.italy\" \/>\n<meta property=\"article:modified_time\" content=\"2024-07-02T12:34:03+00:00\" \/>\n<meta property=\"og:image\" content=\"https:\/\/www.marretti.it\/site\/wp-content\/uploads\/2024\/05\/ringhiere-vetro-strutturale-marretti.webp\" \/>\n\t<meta property=\"og:image:width\" content=\"1800\" \/>\n\t<meta property=\"og:image:height\" content=\"1200\" \/>\n\t<meta property=\"og:image:type\" content=\"image\/webp\" \/>\n<meta name=\"twitter:card\" content=\"summary_large_image\" \/>\n<meta name=\"twitter:label1\" content=\"Est. reading time\" \/>\n\t<meta name=\"twitter:data1\" content=\"2 minutes\" \/>\n<script type=\"application\/ld+json\" class=\"yoast-schema-graph\">{\"@context\":\"https:\\\/\\\/schema.org\",\"@graph\":[{\"@type\":\"WebPage\",\"@id\":\"https:\\\/\\\/www.marretti.it\\\/fr\\\/escalier\\\/garde-corps-en-verre-structurel\\\/\",\"url\":\"https:\\\/\\\/www.marretti.it\\\/fr\\\/escalier\\\/garde-corps-en-verre-structurel\\\/\",\"name\":\"Garde-corps en verre pour escaliers Marretti fabriqu\u00e9s en Italie\",\"isPartOf\":{\"@id\":\"https:\\\/\\\/ww2.marretti.it\\\/#website\"},\"primaryImageOfPage\":{\"@id\":\"https:\\\/\\\/www.marretti.it\\\/fr\\\/escalier\\\/garde-corps-en-verre-structurel\\\/#primaryimage\"},\"image\":{\"@id\":\"https:\\\/\\\/www.marretti.it\\\/fr\\\/escalier\\\/garde-corps-en-verre-structurel\\\/#primaryimage\"},\"thumbnailUrl\":\"https:\\\/\\\/www.marretti.it\\\/site\\\/wp-content\\\/uploads\\\/2024\\\/05\\\/ringhiere-vetro-strutturale-marretti.webp\",\"datePublished\":\"2024-05-18T05:55:06+00:00\",\"dateModified\":\"2024-07-02T12:34:03+00:00\",\"description\":\"Les garde-corps en verre structurel tremp\u00e9 et feuillet\u00e9 d'une \u00e9paisseur de 24 mm ou 20 mm sont fix\u00e9s au sol via un rail en acier inoxydable Aisi 304\",\"breadcrumb\":{\"@id\":\"https:\\\/\\\/www.marretti.it\\\/fr\\\/escalier\\\/garde-corps-en-verre-structurel\\\/#breadcrumb\"},\"inLanguage\":\"fr-FR\",\"potentialAction\":[{\"@type\":\"ReadAction\",\"target\":[\"https:\\\/\\\/www.marretti.it\\\/fr\\\/escalier\\\/garde-corps-en-verre-structurel\\\/\"]}]},{\"@type\":\"ImageObject\",\"inLanguage\":\"fr-FR\",\"@id\":\"https:\\\/\\\/www.marretti.it\\\/fr\\\/escalier\\\/garde-corps-en-verre-structurel\\\/#primaryimage\",\"url\":\"https:\\\/\\\/www.marretti.it\\\/site\\\/wp-content\\\/uploads\\\/2024\\\/05\\\/ringhiere-vetro-strutturale-marretti.webp\",\"contentUrl\":\"https:\\\/\\\/www.marretti.it\\\/site\\\/wp-content\\\/uploads\\\/2024\\\/05\\\/ringhiere-vetro-strutturale-marretti.webp\",\"width\":1800,\"height\":1200},{\"@type\":\"BreadcrumbList\",\"@id\":\"https:\\\/\\\/www.marretti.it\\\/fr\\\/escalier\\\/garde-corps-en-verre-structurel\\\/#breadcrumb\",\"itemListElement\":[{\"@type\":\"ListItem\",\"position\":1,\"name\":\"Home\",\"item\":\"https:\\\/\\\/www.marretti.it\\\/fr\\\/\"},{\"@type\":\"ListItem\",\"position\":2,\"name\":\"Portfolio\",\"item\":\"https:\\\/\\\/www.marretti.it\\\/fr\\\/escalier\\\/\"},{\"@type\":\"ListItem\",\"position\":3,\"name\":\"Garde-corps en verre structurel\"}]},{\"@type\":\"WebSite\",\"@id\":\"https:\\\/\\\/ww2.marretti.it\\\/#website\",\"url\":\"https:\\\/\\\/ww2.marretti.it\\\/\",\"name\":\"Marretti scale\",\"description\":\"Qualit\u00e0 e design Made in Italy\",\"publisher\":{\"@id\":\"https:\\\/\\\/ww2.marretti.it\\\/#organization\"},\"potentialAction\":[{\"@type\":\"SearchAction\",\"target\":{\"@type\":\"EntryPoint\",\"urlTemplate\":\"https:\\\/\\\/ww2.marretti.it\\\/?s={search_term_string}\"},\"query-input\":{\"@type\":\"PropertyValueSpecification\",\"valueRequired\":true,\"valueName\":\"search_term_string\"}}],\"inLanguage\":\"fr-FR\"},{\"@type\":\"Organization\",\"@id\":\"https:\\\/\\\/ww2.marretti.it\\\/#organization\",\"name\":\"Marretti scale\",\"url\":\"https:\\\/\\\/ww2.marretti.it\\\/\",\"logo\":{\"@type\":\"ImageObject\",\"inLanguage\":\"fr-FR\",\"@id\":\"https:\\\/\\\/ww2.marretti.it\\\/#\\\/schema\\\/logo\\\/image\\\/\",\"url\":\"https:\\\/\\\/www.marretti.it\\\/site\\\/wp-content\\\/uploads\\\/2024\\\/05\\\/marretti-scale-italia-firenze.png\",\"contentUrl\":\"https:\\\/\\\/www.marretti.it\\\/site\\\/wp-content\\\/uploads\\\/2024\\\/05\\\/marretti-scale-italia-firenze.png\",\"width\":1200,\"height\":400,\"caption\":\"Marretti scale\"},\"image\":{\"@id\":\"https:\\\/\\\/ww2.marretti.it\\\/#\\\/schema\\\/logo\\\/image\\\/\"},\"sameAs\":[\"https:\\\/\\\/www.facebook.com\\\/marretti.italy\",\"https:\\\/\\\/www.youtube.com\\\/channel\\\/UC0Mby6XP9MFPjgl-Go-vWsA\"]}]}<\/script>\n<!-- \/ Yoast SEO plugin. -->","yoast_head_json":{"title":"Garde-corps en verre pour escaliers Marretti fabriqu\u00e9s en Italie","description":"Les garde-corps en verre structurel tremp\u00e9 et feuillet\u00e9 d'une \u00e9paisseur de 24 mm ou 20 mm sont fix\u00e9s au sol via un rail en acier inoxydable Aisi 304","robots":{"index":"index","follow":"follow","max-snippet":"max-snippet:-1","max-image-preview":"max-image-preview:large","max-video-preview":"max-video-preview:-1"},"canonical":"https:\/\/www.marretti.it\/fr\/escalier\/garde-corps-en-verre-structurel\/","og_locale":"fr_FR","og_type":"article","og_title":"Garde-corps en verre pour escaliers Marretti fabriqu\u00e9s en Italie","og_description":"Les garde-corps en verre structurel tremp\u00e9 et feuillet\u00e9 d'une \u00e9paisseur de 24 mm ou 20 mm sont fix\u00e9s au sol via un rail en acier inoxydable Aisi 304","og_url":"https:\/\/www.marretti.it\/fr\/escalier\/garde-corps-en-verre-structurel\/","og_site_name":"Marretti scale","article_publisher":"https:\/\/www.facebook.com\/marretti.italy","article_modified_time":"2024-07-02T12:34:03+00:00","og_image":[{"width":1800,"height":1200,"url":"https:\/\/www.marretti.it\/site\/wp-content\/uploads\/2024\/05\/ringhiere-vetro-strutturale-marretti.webp","type":"image\/webp"}],"twitter_card":"summary_large_image","twitter_misc":{"Est. reading time":"2 minutes"},"schema":{"@context":"https:\/\/schema.org","@graph":[{"@type":"WebPage","@id":"https:\/\/www.marretti.it\/fr\/escalier\/garde-corps-en-verre-structurel\/","url":"https:\/\/www.marretti.it\/fr\/escalier\/garde-corps-en-verre-structurel\/","name":"Garde-corps en verre pour escaliers Marretti fabriqu\u00e9s en Italie","isPartOf":{"@id":"https:\/\/ww2.marretti.it\/#website"},"primaryImageOfPage":{"@id":"https:\/\/www.marretti.it\/fr\/escalier\/garde-corps-en-verre-structurel\/#primaryimage"},"image":{"@id":"https:\/\/www.marretti.it\/fr\/escalier\/garde-corps-en-verre-structurel\/#primaryimage"},"thumbnailUrl":"https:\/\/www.marretti.it\/site\/wp-content\/uploads\/2024\/05\/ringhiere-vetro-strutturale-marretti.webp","datePublished":"2024-05-18T05:55:06+00:00","dateModified":"2024-07-02T12:34:03+00:00","description":"Les garde-corps en verre structurel tremp\u00e9 et feuillet\u00e9 d'une \u00e9paisseur de 24 mm ou 20 mm sont fix\u00e9s au sol via un rail en acier inoxydable Aisi 304","breadcrumb":{"@id":"https:\/\/www.marretti.it\/fr\/escalier\/garde-corps-en-verre-structurel\/#breadcrumb"},"inLanguage":"fr-FR","potentialAction":[{"@type":"ReadAction","target":["https:\/\/www.marretti.it\/fr\/escalier\/garde-corps-en-verre-structurel\/"]}]},{"@type":"ImageObject","inLanguage":"fr-FR","@id":"https:\/\/www.marretti.it\/fr\/escalier\/garde-corps-en-verre-structurel\/#primaryimage","url":"https:\/\/www.marretti.it\/site\/wp-content\/uploads\/2024\/05\/ringhiere-vetro-strutturale-marretti.webp","contentUrl":"https:\/\/www.marretti.it\/site\/wp-content\/uploads\/2024\/05\/ringhiere-vetro-strutturale-marretti.webp","width":1800,"height":1200},{"@type":"BreadcrumbList","@id":"https:\/\/www.marretti.it\/fr\/escalier\/garde-corps-en-verre-structurel\/#breadcrumb","itemListElement":[{"@type":"ListItem","position":1,"name":"Home","item":"https:\/\/www.marretti.it\/fr\/"},{"@type":"ListItem","position":2,"name":"Portfolio","item":"https:\/\/www.marretti.it\/fr\/escalier\/"},{"@type":"ListItem","position":3,"name":"Garde-corps en verre structurel"}]},{"@type":"WebSite","@id":"https:\/\/ww2.marretti.it\/#website","url":"https:\/\/ww2.marretti.it\/","name":"Marretti scale","description":"Qualit\u00e0 e design Made in Italy","publisher":{"@id":"https:\/\/ww2.marretti.it\/#organization"},"potentialAction":[{"@type":"SearchAction","target":{"@type":"EntryPoint","urlTemplate":"https:\/\/ww2.marretti.it\/?s={search_term_string}"},"query-input":{"@type":"PropertyValueSpecification","valueRequired":true,"valueName":"search_term_string"}}],"inLanguage":"fr-FR"},{"@type":"Organization","@id":"https:\/\/ww2.marretti.it\/#organization","name":"Marretti scale","url":"https:\/\/ww2.marretti.it\/","logo":{"@type":"ImageObject","inLanguage":"fr-FR","@id":"https:\/\/ww2.marretti.it\/#\/schema\/logo\/image\/","url":"https:\/\/www.marretti.it\/site\/wp-content\/uploads\/2024\/05\/marretti-scale-italia-firenze.png","contentUrl":"https:\/\/www.marretti.it\/site\/wp-content\/uploads\/2024\/05\/marretti-scale-italia-firenze.png","width":1200,"height":400,"caption":"Marretti scale"},"image":{"@id":"https:\/\/ww2.marretti.it\/#\/schema\/logo\/image\/"},"sameAs":["https:\/\/www.facebook.com\/marretti.italy","https:\/\/www.youtube.com\/channel\/UC0Mby6XP9MFPjgl-Go-vWsA"]}]}},"_links":{"self":[{"href":"https:\/\/www.marretti.it\/fr\/wp-json\/wp\/v2\/avada_portfolio\/4638","targetHints":{"allow":["GET"]}}],"collection":[{"href":"https:\/\/www.marretti.it\/fr\/wp-json\/wp\/v2\/avada_portfolio"}],"about":[{"href":"https:\/\/www.marretti.it\/fr\/wp-json\/wp\/v2\/types\/avada_portfolio"}],"author":[{"embeddable":true,"href":"https:\/\/www.marretti.it\/fr\/wp-json\/wp\/v2\/users\/1"}],"replies":[{"embeddable":true,"href":"https:\/\/www.marretti.it\/fr\/wp-json\/wp\/v2\/comments?post=4638"}],"version-history":[{"count":2,"href":"https:\/\/www.marretti.it\/fr\/wp-json\/wp\/v2\/avada_portfolio\/4638\/revisions"}],"predecessor-version":[{"id":4656,"href":"https:\/\/www.marretti.it\/fr\/wp-json\/wp\/v2\/avada_portfolio\/4638\/revisions\/4656"}],"wp:featuredmedia":[{"embeddable":true,"href":"https:\/\/www.marretti.it\/fr\/wp-json\/wp\/v2\/media\/3508"}],"wp:attachment":[{"href":"https:\/\/www.marretti.it\/fr\/wp-json\/wp\/v2\/media?parent=4638"}],"wp:term":[{"taxonomy":"portfolio_category","embeddable":true,"href":"https:\/\/www.marretti.it\/fr\/wp-json\/wp\/v2\/portfolio_category?post=4638"},{"taxonomy":"portfolio_skills","embeddable":true,"href":"https:\/\/www.marretti.it\/fr\/wp-json\/wp\/v2\/portfolio_skills?post=4638"},{"taxonomy":"portfolio_tags","embeddable":true,"href":"https:\/\/www.marretti.it\/fr\/wp-json\/wp\/v2\/portfolio_tags?post=4638"}],"curies":[{"name":"wp","href":"https:\/\/api.w.org\/{rel}","templated":true}]}}